{"id":31010,"date":"2020-10-26T11:59:05","date_gmt":"2020-10-26T10:59:05","guid":{"rendered":"https:\/\/boida.com\/24-2\/"},"modified":"2024-02-29T13:07:46","modified_gmt":"2024-02-29T12:07:46","slug":"24-2","status":"publish","type":"page","link":"https:\/\/boida.com\/en\/24-2\/","title":{"rendered":"NEWS"},"content":{"rendered":"<p>[et_pb_section fb_built=&#8221;1&#8243; _builder_version=&#8221;4.6.5&#8243; _module_preset=&#8221;default&#8221;][et_pb_row _builder_version=&#8221;4.6.5&#8243; _module_preset=&#8221;default&#8221;][et_pb_column type=&#8221;4_4&#8243; _builder_version=&#8221;4.6.5&#8243; _module_preset=&#8221;default&#8221;][et_pb_text _builder_version=&#8221;4.6.5&#8243; _module_preset=&#8221;default&#8221;]<\/p>\n<p>Blieben Sie auf dem Laufenden! Hier erfahren Sie, was es Neues bei der BOIDA-Gruppe gibt.<\/p>\n<p>[\/et_pb_text][\/et_pb_column][\/et_pb_row][et_pb_row column_structure=&#8221;1_2,1_2&#8243; _builder_version=&#8221;4.6.5&#8243; _module_preset=&#8221;default&#8221;][et_pb_column type=&#8221;1_2&#8243; _builder_version=&#8221;4.6.5&#8243; _module_preset=&#8221;default&#8221;][et_pb_image src=&#8221;https:\/\/boida.com\/wp-content\/uploads\/2023\/09\/32597222-gikrei0209boidal1036262-4c-3lfe.jpg&#8221; title_text=&#8221;32597222-gikrei0209boidal1036262-4c-3lfe&#8221; _builder_version=&#8221;4.6.5&#8243; _module_preset=&#8221;default&#8221; width=&#8221;96.1%&#8221;][\/et_pb_image][et_pb_text _builder_version=&#8221;4.6.5&#8243; _module_preset=&#8221;default&#8221; min_height=&#8221;107px&#8221; custom_margin=&#8221;-7px||6px||false|false&#8221;]<\/p>\n<h3 class=\"entry-title\"><a href=\"https:\/\/boida.com\/der-europastaatssekretaer-zu-besuch\/\">Der Europastaatssekret\u00e4r zu Besuch<\/a><\/h3>\n<p class=\"entry-title\"><strong>Langg\u00f6ns\u00a0<\/strong><span>(imr). Als eine der letzten Stationen auf seiner diesj\u00e4hrigen Sommerreise, die ihn zu insgesamt 27 hessischen Unternehmen f\u00fchrte, besuchte Europastaatssekret\u00e4r Uwe Becker die Boida Kunststofftechnik GmbH in Lang-G\u00f6ns<\/span><\/p>\n<p>[\/et_pb_text][et_pb_button button_url=&#8221;https:\/\/boida.com\/der-europastaatssekretaer-zu-besuch\/&#8221; url_new_window=&#8221;on&#8221; button_text=&#8221;Mehr lesen&#8221; _builder_version=&#8221;4.6.5&#8243; _module_preset=&#8221;default&#8221; custom_button=&#8221;on&#8221; button_text_size=&#8221;14px&#8221; button_text_color=&#8221;#ffffff&#8221; button_bg_use_color_gradient=&#8221;on&#8221; button_bg_color_gradient_start=&#8221;#77bc2e&#8221; button_border_color=&#8221;#77bc2e&#8221; hover_enabled=&#8221;0&#8243; sticky_enabled=&#8221;0&#8243;][\/et_pb_button][\/et_pb_column][et_pb_column type=&#8221;1_2&#8243; _builder_version=&#8221;4.6.5&#8243; _module_preset=&#8221;default&#8221;][et_pb_image src=&#8221;https:\/\/boida.com\/wp-content\/uploads\/2021\/12\/EIP.jpg&#8221; title_text=&#8221;EIP&#8221; _builder_version=&#8221;4.6.5&#8243; _module_preset=&#8221;default&#8221; min_height=&#8221;212px&#8221; height=&#8221;273px&#8221;][\/et_pb_image][et_pb_text _builder_version=&#8221;4.6.5&#8243; _module_preset=&#8221;default&#8221; custom_margin=&#8221;-7px||6px||false|false&#8221;]<\/p>\n<h3 class=\"entry-title\"><a href=\"https:\/\/boida.com\/31360\/\">Finalist des Wettbewerbs Excellence in Production<\/a><\/h3>\n<p class=\"entry-title\"><span>Seit 18 Jahren pr\u00e4sentieren das Werkzeugmaschinenlabor WZL der RWTH Aachen und das Fraunhofer-Institut f\u00fcr Produktionstechnologie IPT die besten Werkzeug- und Formenbaubetriebe<\/span><\/p>\n<p>[\/et_pb_text][et_pb_button button_url=&#8221;https:\/\/boida.com\/31360\/&#8221; url_new_window=&#8221;on&#8221; button_text=&#8221;Mehr lesen&#8221; _builder_version=&#8221;4.6.5&#8243; _module_preset=&#8221;default&#8221; custom_button=&#8221;on&#8221; button_text_size=&#8221;14px&#8221; button_text_color=&#8221;#ffffff&#8221; button_bg_use_color_gradient=&#8221;on&#8221; button_bg_color_gradient_start=&#8221;#77bc2e&#8221; button_border_color=&#8221;#77bc2e&#8221; custom_margin=&#8221;||19px|||&#8221; hover_enabled=&#8221;0&#8243; sticky_enabled=&#8221;0&#8243;][\/et_pb_button][\/et_pb_column][\/et_pb_row][et_pb_row column_structure=&#8221;1_2,1_2&#8243; _builder_version=&#8221;4.6.5&#8243; _module_preset=&#8221;default&#8221; custom_padding=&#8221;||0px|||&#8221;][et_pb_column type=&#8221;1_2&#8243; _builder_version=&#8221;4.6.5&#8243; _module_preset=&#8221;default&#8221;][et_pb_image src=&#8221;https:\/\/boida.com\/wp-content\/uploads\/2024\/02\/709961d3-042b-413c-9d26-d80da924eadf@EURP190.PROD_.OUTLOOK.COM_-scaled-1.jpg&#8221; title_text=&#8221;709961d3-042b-413c-9d26-d80da924eadf@EURP190.PROD_.OUTLOOK.COM_-scaled&#8221; _builder_version=&#8221;4.6.5&#8243; _module_preset=&#8221;default&#8221; height=&#8221;1000px&#8221; max_height=&#8221;354px&#8221; custom_padding=&#8221;||0px|||&#8221;][\/et_pb_image][et_pb_text _builder_version=&#8221;4.6.5&#8243; _module_preset=&#8221;default&#8221; custom_margin=&#8221;||52px|||&#8221;]<\/p>\n<h3 class=\"entry-title\"><a href=\"https:\/\/boida.com\/der-freundliche-macher-ueber-den-werdegang-von-manfred-boida\/\">Der freundliche Macher \u2013 \u00dcber den Werdegang von Manfred Boida<\/a><\/h3>\n<p><span>Der Langg\u00f6nser Unternehmer und Autozulieferer Manfred Boida verdankt seine Karriere mutigen Entscheidungen<\/span><\/p>\n<p>[\/et_pb_text][et_pb_button button_url=&#8221;https:\/\/boida.com\/der-freundliche-macher-ueber-den-werdegang-von-manfred-boida\/&#8221; url_new_window=&#8221;on&#8221; button_text=&#8221;Mehr lesen&#8221; _builder_version=&#8221;4.6.5&#8243; _module_preset=&#8221;default&#8221; custom_button=&#8221;on&#8221; button_text_size=&#8221;14px&#8221; button_text_color=&#8221;#ffffff&#8221; button_bg_use_color_gradient=&#8221;on&#8221; button_bg_color_gradient_start=&#8221;#77bc2e&#8221; button_border_color=&#8221;#77bc2e&#8221; custom_margin=&#8221;||19px|||&#8221; hover_enabled=&#8221;0&#8243; sticky_enabled=&#8221;0&#8243;][\/et_pb_button][\/et_pb_column][et_pb_column type=&#8221;1_2&#8243; _builder_version=&#8221;4.6.5&#8243; _module_preset=&#8221;default&#8221;][et_pb_image src=&#8221;https:\/\/boida.com\/wp-content\/uploads\/2021\/08\/c18a1108-96a2-4a73-b339-5724689abd11@EURP190.PROD_.OUTLOOK.COM_-scaled.jpg&#8221; title_text=&#8221;www.Riehl-Art-Pictures.de, Ordensverleihung, Staatskanzlei Wiesbaden, Bundesverdienstorden, Landesverdienstordnen, Bundesverdienstkreuz&#8221; _builder_version=&#8221;4.6.5&#8243; _module_preset=&#8221;default&#8221; min_height=&#8221;345px&#8221; custom_margin=&#8221;||37px|||&#8221; custom_padding=&#8221;||0px|||&#8221;][\/et_pb_image][et_pb_text _builder_version=&#8221;4.6.5&#8243; _module_preset=&#8221;default&#8221;]<\/p>\n<h3 class=\"entry-title\"><a href=\"https:\/\/boida.com\/manfred-boida-auszeichnung-mit-dem-landesverdienstorden\/\">Manfred Boida \u2013 Auszeichnung mit dem Landesverdienstorden<\/a><\/h3>\n<p><span>Ministerpr\u00e4sident Volker Bouffier hat am Dienstag, den 20.07.2021 sechs Pers\u00f6nlichkeiten aus Hessen f\u00fcr ihr herausragendes ehrenamtliches Engagement geehrt.<\/span><\/p>\n<p>[\/et_pb_text][et_pb_button button_url=&#8221;https:\/\/boida.com\/manfred-boida-auszeichnung-mit-dem-landesverdienstorden\/&#8221; url_new_window=&#8221;on&#8221; button_text=&#8221;Mehr lesen&#8221; _builder_version=&#8221;4.6.5&#8243; _module_preset=&#8221;default&#8221; custom_button=&#8221;on&#8221; button_text_size=&#8221;14px&#8221; button_text_color=&#8221;#ffffff&#8221; button_bg_use_color_gradient=&#8221;on&#8221; button_bg_color_gradient_start=&#8221;#77bc2e&#8221; button_border_color=&#8221;#77bc2e&#8221; custom_margin=&#8221;||19px|||&#8221; hover_enabled=&#8221;0&#8243; sticky_enabled=&#8221;0&#8243;][\/et_pb_button][\/et_pb_column][\/et_pb_row][et_pb_row column_structure=&#8221;1_2,1_2&#8243; _builder_version=&#8221;4.6.5&#8243; _module_preset=&#8221;default&#8221;][et_pb_column type=&#8221;1_2&#8243; _builder_version=&#8221;4.6.5&#8243; _module_preset=&#8221;default&#8221;][et_pb_image src=&#8221;https:\/\/boida.com\/wp-content\/uploads\/2021\/02\/Aussenaufnahme_012021.jpgAu\u221aueenaufnahme_012021-scaled.jpg&#8221; alt=&#8221;BOIDA Kunststofftechnik&#8221; title_text=&#8221;BOIDA Kunststofftechnik&#8221; _builder_version=&#8221;4.6.5&#8243; _module_preset=&#8221;default&#8221; min_height=&#8221;345px&#8221; custom_margin=&#8221;||31px|||&#8221; custom_padding=&#8221;||0px|||&#8221;][\/et_pb_image][et_pb_text _builder_version=&#8221;4.6.5&#8243; _module_preset=&#8221;default&#8221; custom_margin=&#8221;||29px|||&#8221; min_height=&#8221;149px&#8221;]<\/p>\n<h3 class=\"entry-title\"><a href=\"https:\/\/boida.com\/einweihung-eines-neuen-firmengebaeudes\/\">Einweihung eines neuen Firmengeb\u00e4udes<\/a><\/h3>\n<p><span>Ende Oktober 2019 hat die Enweihung des neuen Betriebsgeb\u00e4udes stattgefunden. Neben der Belegschaft aus Langg\u00f6ns und der Niederlassung im \u00f6sterreichischen St. Ulrich am Pillersee waren auch Vertreter aus der heimischen Wirtschaft und der Politik eingeladen.<\/span><\/p>\n<p>[\/et_pb_text][et_pb_button button_url=&#8221;https:\/\/boida.com\/einweihung-eines-neuen-firmengebaeudes\/&#8221; url_new_window=&#8221;on&#8221; button_text=&#8221;Mehr lesen&#8221; _builder_version=&#8221;4.6.5&#8243; _module_preset=&#8221;default&#8221; custom_button=&#8221;on&#8221; button_text_size=&#8221;14px&#8221; button_text_color=&#8221;#ffffff&#8221; button_bg_use_color_gradient=&#8221;on&#8221; button_bg_color_gradient_start=&#8221;#77bc2e&#8221; button_border_color=&#8221;#77bc2e&#8221; custom_margin=&#8221;||19px|||&#8221; hover_enabled=&#8221;0&#8243; sticky_enabled=&#8221;0&#8243; min_height=&#8221;41px&#8221;][\/et_pb_button][\/et_pb_column][et_pb_column type=&#8221;1_2&#8243; _builder_version=&#8221;4.6.5&#8243; _module_preset=&#8221;default&#8221;][et_pb_image src=&#8221;https:\/\/boida.com\/wp-content\/uploads\/2020\/11\/Kunststoffspritzguss_3.jpg&#8221; alt=&#8221;BOIDA Kunststofftechnik&#8221; title_text=&#8221;Kunststoffspritzguss_3&#8243; _builder_version=&#8221;4.6.5&#8243; _module_preset=&#8221;default&#8221; min_height=&#8221;345px&#8221; height=&#8221;332px&#8221; max_height=&#8221;1000px&#8221; custom_margin=&#8221;||37px|||&#8221; custom_padding=&#8221;||0px|||&#8221;][\/et_pb_image][et_pb_text _builder_version=&#8221;4.6.5&#8243; _module_preset=&#8221;default&#8221; custom_margin=&#8221;-11px||18px|||&#8221; custom_padding=&#8221;||0px|||&#8221; hover_enabled=&#8221;0&#8243; inline_fonts=&#8221;Abel&#8221; sticky_enabled=&#8221;0&#8243;]<\/p>\n<h3 class=\"entry-title\"><\/h3>\n<h3 class=\"entry-title\"><a href=\"https:\/\/boida.com\/excellence-in-production-zum-werkzeugbau-des-jahres\/\"><span data-contrast=\"auto\" xml:lang=\"EN-US\" lang=\"EN-US\" class=\"TextRun SCXW43674500 BCX0\"><span class=\"NormalTextRun SCXW43674500 BCX0\">Excellence In Production <\/span><span class=\"NormalTextRun SpellingErrorV2Themed SCXW43674500 BCX0\">zum<\/span><span class=\"NormalTextRun SCXW43674500 BCX0\"> <\/span><span class=\"NormalTextRun SpellingErrorV2Themed SCXW43674500 BCX0\">Werkzeugbau<\/span><span class=\"NormalTextRun SCXW43674500 BCX0\"> des <\/span><span class=\"NormalTextRun SpellingErrorV2Themed SCXW43674500 BCX0\">Jahres<\/span><\/span><span class=\"EOP SCXW43674500 BCX0\" data-ccp-props=\"{}\">\u00a0<\/span><\/a><\/h3>\n<p><span>Mit dem Wettbewerb\u00a0<\/span><strong>\u201cExcellence in Production\u201d<\/strong><span>\u00a0k\u00fcren das Werkzeugmaschinenlabor WZL der RWTH Aachen und das Fraunhofer-Institut f\u00fcr Produktionstechnologie IPT j\u00e4hrlich die besten Werkzeu- und Formenbaubetriebe im deutschsprachigen Raum<\/span><\/p>\n<p>[\/et_pb_text][et_pb_button button_url=&#8221;https:\/\/boida.com\/excellence-in-production-zum-werkzeugbau-des-jahres\/&#8221; url_new_window=&#8221;on&#8221; button_text=&#8221;Mehr lesen&#8221; _builder_version=&#8221;4.6.5&#8243; _module_preset=&#8221;default&#8221; custom_button=&#8221;on&#8221; button_text_size=&#8221;14px&#8221; button_text_color=&#8221;#ffffff&#8221; button_bg_use_color_gradient=&#8221;on&#8221; button_bg_color_gradient_start=&#8221;#77bc2e&#8221; button_border_color=&#8221;#77bc2e&#8221; custom_margin=&#8221;||19px|||&#8221; hover_enabled=&#8221;0&#8243; sticky_enabled=&#8221;0&#8243;][\/et_pb_button][\/et_pb_column][\/et_pb_row][\/et_pb_section]<\/p>\n","protected":false},"excerpt":{"rendered":"<p>Blieben Sie auf dem Laufenden! Hier erfahren Sie, was es Neues bei der BOIDA-Gruppe gibt.Der Europastaatssekret\u00e4r zu Besuch Langg\u00f6ns\u00a0(imr). Als eine der letzten Stationen auf seiner diesj\u00e4hrigen Sommerreise, die ihn zu insgesamt 27 hessischen Unternehmen f\u00fchrte, besuchte Europastaatssekret\u00e4r Uwe Becker die Boida Kunststofftechnik GmbH in Lang-G\u00f6nsFinalist des Wettbewerbs Excellence in Production Seit 18 Jahren pr\u00e4sentieren [&hellip;]<\/p>\n","protected":false},"author":3,"featured_media":0,"parent":0,"menu_order":0,"comment_status":"closed","ping_status":"closed","template":"","meta":{"_et_pb_use_builder":"on","_et_pb_old_content":"","_et_gb_content_width":"","footnotes":""},"class_list":["post-31010","page","type-page","status-publish","hentry"],"_links":{"self":[{"href":"https:\/\/boida.com\/en\/wp-json\/wp\/v2\/pages\/31010","targetHints":{"allow":["GET"]}}],"collection":[{"href":"https:\/\/boida.com\/en\/wp-json\/wp\/v2\/pages"}],"about":[{"href":"https:\/\/boida.com\/en\/wp-json\/wp\/v2\/types\/page"}],"author":[{"embeddable":true,"href":"https:\/\/boida.com\/en\/wp-json\/wp\/v2\/users\/3"}],"replies":[{"embeddable":true,"href":"https:\/\/boida.com\/en\/wp-json\/wp\/v2\/comments?post=31010"}],"version-history":[{"count":8,"href":"https:\/\/boida.com\/en\/wp-json\/wp\/v2\/pages\/31010\/revisions"}],"predecessor-version":[{"id":31590,"href":"https:\/\/boida.com\/en\/wp-json\/wp\/v2\/pages\/31010\/revisions\/31590"}],"wp:attachment":[{"href":"https:\/\/boida.com\/en\/wp-json\/wp\/v2\/media?parent=31010"}],"curies":[{"name":"wp","href":"https:\/\/api.w.org\/{rel}","templated":true}]}}